{"id":169,"date":"2021-02-10T12:04:34","date_gmt":"2021-02-10T12:04:34","guid":{"rendered":"https:\/\/www.objectifasbl.be\/med\/?page_id=169"},"modified":"2024-05-08T11:20:44","modified_gmt":"2024-05-08T11:20:44","slug":"iasbl","status":"publish","type":"page","link":"https:\/\/www.objectifasbl.be\/med\/iasbl\/","title":{"rendered":"I&rsquo;ASBL"},"content":{"rendered":"<div class=\"hero slanted background-white\">\n\n    <div class=\"wrapper\">\n                        <div class=\"hero__columns\">\n            <div class=\"hero__left\">\n                <div class=\"content d-flex justify-content-center align-items-start flex-column\">\n                    \n                                            <h1 class=\"hero__title font-bold\">Les d\u00e9buts d\u2019Objectif<\/h1>\n                    \n                                            <div class=\"hero__text font-light\"><p>Le 24 novembre 1991. Dimanche noir.<br \/>Les partis fascistes font une perc\u00e9e \u00e9lectorale de 479 917 voix. Quelques antiracistes r\u00e9agissent promptement et, du tac au tac, lancent la campagne Objectif 479 917.<\/p>\n<\/div>\n                    \n                                            <a class=\"hero__cta button button--blue button--smaller mt-3 mb-3\" href=\"https:\/\/www.objectifasbl.be\/med\/iasbl\/histoire\/\" target=\"\">L\u2019histoire en d\u00e9tail<\/a>\n                                    <\/div>\n            <\/div>\n            <div class=\"hero__right\">\n\n                                    <svg class=\"hero__svg\" viewbox=\"0 0 814.1 673\">\n                        <g data-name=\"Subtraction 5\"><path d=\"M813.5 672.5H.5V.5h72.2c-3.7 9.1-7.1 18.5-9.9 28S57.6 48 55.7 57.9s-3.2 19.9-4.1 29.9-1.3 20.2-1.2 30.4.6 20.5 1.6 30.8 2.4 20.7 4.3 31.1a426.12 426.12 0 0 0 16.5 62.6c14.3 41.5 35.2 83.3 62.3 124.4 26.8 40.7 59.5 80.4 97.1 118a758.9 758.9 0 0 0 88.3 75.9 620.19 620.19 0 0 0 93 56.6 508.88 508.88 0 0 0 47.4 20.4 463.61 463.61 0 0 0 47.5 14.9 404.19 404.19 0 0 0 47.2 9.1 352.92 352.92 0 0 0 46.6 3.1 326.26 326.26 0 0 0 57.2-5c9.4-1.7 18.7-3.8 27.8-6.4s18.3-5.6 27.1-9 17.8-7.4 26.4-11.8 17.2-9.3 25.5-14.5 16.6-11.2 24.6-17.4c7.7-6.1 15.4-12.6 22.7-19.5zm0-595.8A736 736 0 0 0 750.8.5h62.7z\"\/><path d=\"M813 672v-89.4c-7.1 6.6-14.4 12.9-21.9 18.7-8 6.2-16.2 12.1-24.6 17.4s-16.9 10.2-25.6 14.6-17.5 8.3-26.4 11.8-18 6.5-27.2 9.1-18.4 4.7-27.8 6.4a327.4 327.4 0 0 1-57.3 5 353.29 353.29 0 0 1-46.7-3.1 409.83 409.83 0 0 1-47.3-9.1 473.18 473.18 0 0 1-47.6-14.9c-15.7-5.9-31.7-12.8-47.4-20.5a626.11 626.11 0 0 1-93.1-56.6 749.39 749.39 0 0 1-88.3-75.9c-37.6-37.6-70.3-77.3-97.1-118.1-27.1-41.1-48.1-83-62.4-124.5a427.33 427.33 0 0 1-16.5-62.7c-1.9-10.4-3.3-20.9-4.3-31.1s-1.5-20.7-1.6-30.8.3-20.5 1.2-30.5 2.3-20.2 4.1-30 4.3-19.8 7.1-29.4c2.7-9.2 6-18.4 9.6-27.3H.9v671H813m0-597V1h-61a734.89 734.89 0 0 1 61 74.1m1 597.9zm0 0H0V0h73.5a294.26 294.26 0 0 0-10.1 28.6c-2.8 9.6-5.2 19.4-7.1 29.3s-3.2 19.8-4.1 29.9-1.3 20.2-1.2 30.4.6 20.4 1.6 30.8c1 10.2 2.4 20.7 4.3 31a424.91 424.91 0 0 0 16.5 62.5c14.3 41.4 35.2 83.2 62.2 124.3 26.8 40.7 59.5 80.4 97 117.9a755.67 755.67 0 0 0 88.2 75.8 619.4 619.4 0 0 0 93 56.5 497.63 497.63 0 0 0 47.4 20.4 469.82 469.82 0 0 0 47.4 14.9 404.19 404.19 0 0 0 47.2 9.1 351.8 351.8 0 0 0 46.6 3.1 325.12 325.12 0 0 0 57.1-5 278.8 278.8 0 0 0 27.7-6.4c9.2-2.6 18.3-5.6 27.1-9a281.41 281.41 0 0 0 26.3-11.8c8.6-4.4 17.2-9.3 25.5-14.5s16.6-11.2 24.5-17.4 15.9-13.1 23.5-20.2V673zm0-594.8A738.24 738.24 0 0 0 749.7 0H814v78.2z\"\/><\/g>\n                    <\/svg>\n                \n                <img loading=\"lazy\" width=\"615\" height=\"446\" src=\"https:\/\/www.objectifasbl.be\/med\/wp-content\/uploads\/sites\/3\/video-objectif-615x446.jpg\" class=\"hero__image\" alt=\"\" decoding=\"async\" \/>\n\n                                    <a class=\"hero__image--play\" href=\"#\" data-micromodal-trigger=\"modal-hero\">\n                        <svg>\n                            <use xlink:href=\"https:\/\/www.objectifasbl.be\/med\/wp-content\/themes\/objectif\/assets\/images\/symbol\/svg\/sprite.symbol.svg#icon--video-play\"><\/use>\n                        <\/svg>\n                    <\/a>\n                            <\/div>\n        <\/div>\n    <\/div>\n<\/div>\n\n<div class=\"modal micromodal-slide js-micromodal\" id=\"modal-hero\" aria-hidden=\"true\">\n\t<div class=\"modal__overlay\" tabindex=\"-1\" data-micromodal-close>\n\t\t<div class=\"modal__container\" role=\"dialog\" aria-modal=\"true\" aria-labelledby=\"modal-hero-title\">\n\t\t\t<a href=\"#\" class=\"modal__close\" data-micromodal-close><\/a>\n\t\t\t<main class=\"modal__content\" id=\"modal-hero-content\">\n\t\t\t\t<div class=\"modal__video\">\n\t\t\t\t\t<iframe loading=\"lazy\" title=\"Que fait l&#039;ASBL Objectif ?\" width=\"640\" height=\"360\" src=\"https:\/\/www.youtube.com\/embed\/D8IfIYO8FW8?feature=oembed\" frameborder=\"0\" allow=\"accelerometer; autoplay; clipboard-write; encrypted-media; gyroscope; picture-in-picture; web-share\" referrerpolicy=\"strict-origin-when-cross-origin\" allowfullscreen><\/iframe>\n\t\t\t\t<\/div>\n\t\t\t<\/main>\n\t\t<\/div>\n\t<\/div>\n<\/div>\n\n\n\n<div class=\"anchor\" id=valeurs><\/div>\n\n<section class=\"icons-text pt-4 pb-4\">\n    <div class=\"wrapper\">\n                     <h2>Nos valeurs<span class=\"color-red\">.<\/span><\/h2>\n                            <div class=\"columns columns--break-tablet\">\n                                    <div class=\"col col-3 \">\n                        <div class=\"icons-text__card text-center pl-3 pr d-flex flex-column\">\n                                                            <img decoding=\"async\" class=\"icons-text__image\" src=\"https:\/\/www.objectifasbl.be\/med\/wp-content\/uploads\/sites\/3\/Nos-valeurs_Egalite.svg\" alt=\"card-icon\">\n                            \n                                                            <h4 class=\"pt-4 mt-2 font-bold\">\u00c9galit\u00e9<\/h4>\n                            \n                                                            <p class=\"icons-text__text\">Objectif d\u00e9fend l\u2019\u00e9galit\u00e9 des droits pour tous les habitants de la Belgique. Nous apportons notre aide \u00e0 toutes les personnes qui nous consultent sans discrimination. <\/p>\n                                                    <\/div>\n                    <\/div>\n                                    <div class=\"col col-3 \">\n                        <div class=\"icons-text__card text-center pl-3 pr d-flex flex-column\">\n                                                            <img decoding=\"async\" class=\"icons-text__image\" src=\"https:\/\/www.objectifasbl.be\/med\/wp-content\/uploads\/sites\/3\/Nos-valeurs_Solidarite.svg\" alt=\"card-icon\">\n                            \n                                                            <h4 class=\"pt-4 mt-2 font-bold\">Solidarit\u00e9<\/h4>\n                            \n                                                            <p class=\"icons-text__text\">Chez Objectif nous sommes convaincus que tous les habitants de la Belgique font partie d\u2019une m\u00eame grand et belle communaut\u00e9 et nous avons \u00e0 coeur de renforcer ces liens qui nous unissent \u00e0 travers nos activit\u00e9s. <\/p>\n                                                    <\/div>\n                    <\/div>\n                                    <div class=\"col col-3 \">\n                        <div class=\"icons-text__card text-center pl-3 pr d-flex flex-column\">\n                                                            <img decoding=\"async\" class=\"icons-text__image\" src=\"https:\/\/www.objectifasbl.be\/med\/wp-content\/uploads\/sites\/3\/Nos-valeurs_Diversite.svg\" alt=\"card-icon\">\n                            \n                                                            <h4 class=\"pt-4 mt-2 font-bold\">Diversit\u00e9<\/h4>\n                            \n                                                            <p class=\"icons-text__text\">Nous pensons que la diversit\u00e9 de notre soci\u00e9t\u00e9, et de notre \u00e9quipe, est ce qui la rend si riche et int\u00e9ressante. Nous sommes attentifs \u00e0 repr\u00e9senter et promouvoir des points de vue diversifi\u00e9s, pour accueillir au mieux notre public et continuer \u00e0 faire progresser l\u2019association.<\/p>\n                                                    <\/div>\n                    <\/div>\n                                    <div class=\"col col-3 \">\n                        <div class=\"icons-text__card text-center pl-3 pr d-flex flex-column\">\n                                                            <img decoding=\"async\" class=\"icons-text__image\" src=\"https:\/\/www.objectifasbl.be\/med\/wp-content\/uploads\/sites\/3\/Nos-valeurs_Confidential.svg\" alt=\"card-icon\">\n                            \n                                                            <h4 class=\"pt-4 mt-2 font-bold\">Confidentialit\u00e9<\/h4>\n                            \n                                                            <p class=\"icons-text__text\">Nous nous engageons \u00e0 prot\u00e9ger les donn\u00e9es personnelles de nos usagers et usag\u00e8res et \u00e0 traiter des demandes qui nous sont adress\u00e9es dans la plus grande discr\u00e9tion. <\/p>\n                                                    <\/div>\n                    <\/div>\n                            <\/div>\n            <\/div>\n<\/section>\n\n<div class=\"anchor\" id=equipe><\/div>\n\n<section class=\"services services--color-blue services--style-default\">\n    <div class=\"wrapper\">\n                    <h2>L\u2019\u00e9quipe<span class=\"color-red\">.<\/span>\n            <\/h2>\n        \n        \n                    <div class=\"columns columns--break-tablet\">\n                                    <div class=\"col col-4\">\n                        <div class=\"service text-center\">\n                                                            <h3 class=\"service__title mb-5\">Service  juridique<\/h3>\n                                                                                        <div class=\"service__content\">\n                                    <p><strong>02 511 23 93<\/strong><\/p>\n<p><a href=\"mailto:servicejuridique@objectifasbl.be\"><strong>servicejuridique@objectifasbl.be<\/strong><\/a><\/p>\n\n                                <\/div>\n                                                                                        <div class=\"service__subtitles\">\n                                    <p>Conseiller nationalit\u00e9 <\/p>\n<p>Conseiller juridique<\/p>\n\n                                <\/div>\n                                                    <\/div>\n                    <\/div>\n                                    <div class=\"col col-4\">\n                        <div class=\"service text-center\">\n                                                            <h3 class=\"service__title mb-5\">Service Education permanente<\/h3>\n                                                                                        <div class=\"service__content\">\n                                    <p><strong>02 512 67 27<\/strong><\/p>\n<p><a href=\"mailto:educationpermanente@objectifasbl.be\"><strong>educationpermanente@objectifasbl.be<\/strong><\/a><\/p>\n\n                                <\/div>\n                                                                                        <div class=\"service__subtitles\">\n                                    <p>Directrice adjointe<\/p>\n<p>Charg\u00e9 de missions socio-juridiques et citoyennet\u00e9<\/p>\n\n                                <\/div>\n                                                    <\/div>\n                    <\/div>\n                                    <div class=\"col col-4\">\n                        <div class=\"service text-center\">\n                                                            <h3 class=\"service__title mb-5\">Service Coh\u00e9sion sociale<\/h3>\n                                                                                        <div class=\"service__content\">\n                                    <p><strong>02 512 67 27<\/strong><\/p>\n<p><a href=\"mailto:cohesionsociale@objectifasbl.be\"><strong>cohesionsociale@objectifasbl.be <\/strong><\/a><\/p>\n\n                                <\/div>\n                                                                                        <div class=\"service__subtitles\">\n                                    <p>Charg\u00e9 de missions socio-juridiques et citoyennet\u00e9<\/p>\n\n                                <\/div>\n                                                    <\/div>\n                    <\/div>\n                            <\/div>\n            <\/div>\n<\/section>\n\n<section class=\"newsletter mb-4\">\n\n    <svg class=\"newsletter__shape-1\" viewbox=\"0 0 1440 55\"><path fill=\"#FFF\" d=\"M1440 0L0 55V0z\"\/><\/svg>\n    <svg class=\"newsletter__shape-2\" viewbox=\"0 0 1440 87.8\"><path fill=\"#FFF\" d=\"M0 87.8L1440 0v87.8z\"\/><\/svg>\n    <svg class=\"newsletter__shape-3\">\n        <use xlink:href=\"https:\/\/www.objectifasbl.be\/med\/wp-content\/themes\/objectif\/assets\/images\/symbol\/svg\/sprite.symbol.svg#icon--o-size2\"><\/use>\n    <\/svg>\n    <svg class=\"newsletter__shape-4\">\n        <use xlink:href=\"https:\/\/www.objectifasbl.be\/med\/wp-content\/themes\/objectif\/assets\/images\/symbol\/svg\/sprite.symbol.svg#icon--big-o\"><\/use>\n    <\/svg>\n\n\n    <div class=\"wrapper wrapper--narrow\">\n                    <h2>Newsletters<span class=\"color-red\">.<\/span>            <\/h2>\n                <div class=\"columns align-items-center columns--break-mobile\">\n            <div class=\"col col-7\">\n                            <\/div>\n            <div class=\"col col-5\">\n                            <\/div>\n        <\/div>\n    <\/div>\n<\/section>\n\n<div class=\"anchor\" id=conseil><\/div>\n\n<section class=\"services services--color-blue services--style-default\">\n    <div class=\"wrapper\">\n                    <h2>Conseil d\u2019administration<span class=\"color-red\">.<\/span>\n            <\/h2>\n        \n                    <div class=\"mt-6 mb-6\"><p>02 512 67 27<br \/>\nmanagement@objectifasbl.be<\/p>\n<\/div>\n        \n                    <div class=\"columns columns--break-tablet\">\n                                    <div class=\"col col-4\">\n                        <div class=\"service text-center\">\n                                                                                        <div class=\"service__content\">\n                                    <p><strong>Pr\u00e9sident<\/strong><\/p>\n\n                                <\/div>\n                                                                                <\/div>\n                    <\/div>\n                                    <div class=\"col col-4\">\n                        <div class=\"service text-center\">\n                                                                                        <div class=\"service__content\">\n                                    <p><strong>Secretaire<\/strong><\/p>\n\n                                <\/div>\n                                                                                <\/div>\n                    <\/div>\n                                    <div class=\"col col-4\">\n                        <div class=\"service text-center\">\n                                                                                        <div class=\"service__content\">\n                                    <p><strong>Tr\u00e9sorier<\/strong><\/p>\n\n                                <\/div>\n                                                                                <\/div>\n                    <\/div>\n                            <\/div>\n            <\/div>\n<\/section>\n\n<div class=\"anchor\" id=Partenaires><\/div>\n\n<section class=\"text \">\n    <div class=\"wrapper\">\n                    <h2>Nos partenaires<span class=\"color-red\">.<\/span><\/h2>\n                            <div class=\"text__columns font-regular\"><p>Dans ses activit\u00e9s, Objectif s&rsquo;engage fermement dans une approche collaborative en r\u00e9seau, travaillant \u00e9troitement avec diverses associations partenaires. Cette collaboration enrichit profond\u00e9ment ses r\u00e9flexions et pratiques, renfor\u00e7ant ainsi son impact et son efficacit\u00e9.<\/p>\n<p>Sur le plan de la nationalit\u00e9, Objectif participe activement \u00e0 des r\u00e9flexions annuelles coordonn\u00e9es par Myria, d\u00e9montrant ainsi son engagement dans les d\u00e9bats et les processus d\u00e9cisionnels concernant cette question cruciale. Cette implication lui permet d&rsquo;influencer les politiques et les actions dans ce domaine.<\/p>\n<p>Par ailleurs, en tant que membre de la coalition NAPAR (Coalition pour un plan d\u2019action interf\u00e9d\u00e9ral contre le racisme), Objectif joue un r\u00f4le essentiel dans l&rsquo;\u00e9laboration et la mise en \u0153uvre d&rsquo;un plan d&rsquo;action interf\u00e9d\u00e9ral contre le racisme. Cette participation active refl\u00e8te son engagement ferme dans la lutte contre les discriminations et pour la promotion de la diversit\u00e9 et de l&rsquo;inclusion.<\/p>\n<p>Gr\u00e2ce \u00e0 ces actions concert\u00e9es et \u00e0 ses collaborations \u00e9troites avec des partenaires cl\u00e9s, Objectif contribue de mani\u00e8re significative \u00e0 des changements positifs au niveau national, favorisant ainsi une soci\u00e9t\u00e9 plus juste et \u00e9quitable pour tous.<\/p>\n<\/div>\n            <\/div>\n<\/section>\n\n<section class=\"logos\">\n    <div class=\"wrapper\">\n                    <h3 class=\"mb-4 pb-2\">Partenaires nationalit\u00e9<\/h3>\n                            <div class=\"logos__images-box d-flex\">\n                                    <img decoding=\"async\" src=\"https:\/\/www.objectifasbl.be\/med\/wp-content\/uploads\/sites\/3\/ADDE.jpg\" alt=\"logo\">\n                                    <img decoding=\"async\" src=\"https:\/\/www.objectifasbl.be\/med\/wp-content\/uploads\/sites\/3\/BAPA-Bruxelles.jpg\" alt=\"logo\">\n                                    <img decoding=\"async\" src=\"https:\/\/www.objectifasbl.be\/med\/wp-content\/uploads\/sites\/3\/CAI-Namur.jpg\" alt=\"logo\">\n                                    <img decoding=\"async\" src=\"https:\/\/www.objectifasbl.be\/med\/wp-content\/uploads\/sites\/3\/Ceraic.jpg\" alt=\"logo\">\n                                    <img decoding=\"async\" src=\"https:\/\/www.objectifasbl.be\/med\/wp-content\/uploads\/sites\/3\/chambre-de-lart.jpg\" alt=\"logo\">\n                                    <img decoding=\"async\" src=\"https:\/\/www.objectifasbl.be\/med\/wp-content\/uploads\/sites\/3\/CIMB.jpg\" alt=\"logo\">\n                                    <img decoding=\"async\" src=\"https:\/\/www.objectifasbl.be\/med\/wp-content\/uploads\/sites\/3\/Cire\u0301.jpg\" alt=\"logo\">\n                                    <img decoding=\"async\" src=\"https:\/\/www.objectifasbl.be\/med\/wp-content\/uploads\/sites\/3\/Convivial.jpg\" alt=\"logo\">\n                                    <img decoding=\"async\" src=\"https:\/\/www.objectifasbl.be\/med\/wp-content\/uploads\/sites\/3\/CRIBW.jpg\" alt=\"logo\">\n                                    <img decoding=\"async\" src=\"https:\/\/www.objectifasbl.be\/med\/wp-content\/uploads\/sites\/3\/CRILUX.jpg\" alt=\"logo\">\n                                    <img decoding=\"async\" src=\"https:\/\/www.objectifasbl.be\/med\/wp-content\/uploads\/sites\/3\/CRIPEL.jpg\" alt=\"logo\">\n                                    <img decoding=\"async\" src=\"https:\/\/www.objectifasbl.be\/med\/wp-content\/uploads\/sites\/3\/CRVI.jpg\" alt=\"logo\">\n                                    <img decoding=\"async\" src=\"https:\/\/www.objectifasbl.be\/med\/wp-content\/uploads\/sites\/3\/Institut-Kurde.jpg\" alt=\"logo\">\n                                    <img decoding=\"async\" src=\"https:\/\/www.objectifasbl.be\/med\/wp-content\/uploads\/sites\/3\/Logo-blue.jpg\" alt=\"logo\">\n                                    <img decoding=\"async\" src=\"https:\/\/www.objectifasbl.be\/med\/wp-content\/uploads\/sites\/3\/Maison-Dailly.jpg\" alt=\"logo\">\n                                    <img decoding=\"async\" src=\"https:\/\/www.objectifasbl.be\/med\/wp-content\/uploads\/sites\/3\/Maison-des-Voyageurs.jpg\" alt=\"logo\">\n                                    <img decoding=\"async\" src=\"https:\/\/www.objectifasbl.be\/med\/wp-content\/uploads\/sites\/3\/Myria.jpg\" alt=\"logo\">\n                                    <img decoding=\"async\" src=\"https:\/\/www.objectifasbl.be\/med\/wp-content\/uploads\/sites\/3\/sireas.jpg\" alt=\"logo\">\n                                    <img decoding=\"async\" src=\"https:\/\/www.objectifasbl.be\/med\/wp-content\/uploads\/sites\/3\/VIA.jpg\" alt=\"logo\">\n                            <\/div>\n            <\/div>\n<\/section>\n\n<section class=\"logos\">\n    <div class=\"wrapper\">\n                    <h3 class=\"mb-4 pb-2\">Partenaires \u00e9ducation permanente<\/h3>\n                            <div class=\"logos__images-box d-flex\">\n                                    <img decoding=\"async\" src=\"https:\/\/www.objectifasbl.be\/med\/wp-content\/uploads\/sites\/3\/Lire-et-e\u0301crire-Bruxelles.jpg\" alt=\"logo\">\n                                    <img decoding=\"async\" src=\"https:\/\/www.objectifasbl.be\/med\/wp-content\/uploads\/sites\/3\/Financite\u0301.jpg\" alt=\"logo\">\n                                    <img decoding=\"async\" src=\"https:\/\/www.objectifasbl.be\/med\/wp-content\/uploads\/sites\/3\/Les-Mams-de-lespoir.jpg\" alt=\"logo\">\n                                    <img decoding=\"async\" src=\"https:\/\/www.objectifasbl.be\/med\/wp-content\/uploads\/sites\/3\/Chicago-vzw.jpg\" alt=\"logo\">\n                                    <img decoding=\"async\" src=\"https:\/\/www.objectifasbl.be\/med\/wp-content\/uploads\/sites\/3\/LD3-Het-Anker.jpg\" alt=\"logo\">\n                                    <img decoding=\"async\" src=\"https:\/\/www.objectifasbl.be\/med\/wp-content\/uploads\/sites\/3\/cbai.jpg\" alt=\"logo\">\n                                    <img decoding=\"async\" src=\"https:\/\/www.objectifasbl.be\/med\/wp-content\/uploads\/sites\/3\/Voem.jpg\" alt=\"logo\">\n                                    <img decoding=\"async\" src=\"https:\/\/www.objectifasbl.be\/med\/wp-content\/uploads\/sites\/3\/logo-cfbi.jpg\" alt=\"logo\">\n                            <\/div>\n            <\/div>\n<\/section>\n\n<section class=\"logos\">\n    <div class=\"wrapper\">\n                    <h3 class=\"mb-4 pb-2\">Pouvoirs subsidiants<\/h3>\n                            <div class=\"logos__images-box d-flex\">\n                                    <img decoding=\"async\" src=\"https:\/\/www.objectifasbl.be\/med\/wp-content\/uploads\/sites\/3\/Bruxelles-ville.jpg\" alt=\"logo\">\n                                    <img decoding=\"async\" src=\"https:\/\/www.objectifasbl.be\/med\/wp-content\/uploads\/sites\/3\/COCOF.jpg\" alt=\"logo\">\n                                    <img decoding=\"async\" src=\"https:\/\/www.objectifasbl.be\/med\/wp-content\/uploads\/sites\/3\/CPAS-Bruxelles.jpg\" alt=\"logo\">\n                                    <img decoding=\"async\" src=\"https:\/\/www.objectifasbl.be\/med\/wp-content\/uploads\/sites\/3\/Fe\u0301de\u0301ration-Wallonie-Bruxelles.jpg\" alt=\"logo\">\n                                    <img decoding=\"async\" src=\"https:\/\/www.objectifasbl.be\/med\/wp-content\/uploads\/sites\/3\/Logo-actiris.jpg\" alt=\"logo\">\n                                    <img decoding=\"async\" src=\"https:\/\/www.objectifasbl.be\/med\/wp-content\/uploads\/sites\/3\/Maribel.jpg\" alt=\"logo\">\n                            <\/div>\n            <\/div>\n<\/section>\n\n<section class=\"logos\">\n    <div class=\"wrapper\">\n                    <h3 class=\"mb-4 pb-2\">Autres partenaires<\/h3>\n                            <div class=\"logos__images-box d-flex\">\n                                    <img decoding=\"async\" src=\"https:\/\/www.objectifasbl.be\/med\/wp-content\/uploads\/sites\/3\/Atelier-du-web_1.jpg\" alt=\"logo\">\n                                    <img decoding=\"async\" src=\"https:\/\/www.objectifasbl.be\/med\/wp-content\/uploads\/sites\/3\/Banlieues-asbl.jpg\" alt=\"logo\">\n                                    <img decoding=\"async\" src=\"https:\/\/www.objectifasbl.be\/med\/wp-content\/uploads\/sites\/3\/Coalition-Napar.jpg\" alt=\"logo\">\n                                    <img decoding=\"async\" src=\"https:\/\/www.objectifasbl.be\/med\/wp-content\/uploads\/sites\/3\/Logo-Stib.jpg\" alt=\"logo\">\n                                    <img decoding=\"async\" src=\"https:\/\/www.objectifasbl.be\/med\/wp-content\/uploads\/sites\/3\/Maison-de-justice.png\" alt=\"logo\">\n                                    <img decoding=\"async\" src=\"https:\/\/www.objectifasbl.be\/med\/wp-content\/uploads\/sites\/3\/Mrax.jpg\" alt=\"logo\">\n                                    <img decoding=\"async\" src=\"https:\/\/www.objectifasbl.be\/med\/wp-content\/uploads\/sites\/3\/SeTIS.jpg\" alt=\"logo\">\n                                    <img decoding=\"async\" src=\"https:\/\/www.objectifasbl.be\/med\/wp-content\/uploads\/sites\/3\/Tic-Harmony.jpg\" alt=\"logo\">\n                            <\/div>\n            <\/div>\n<\/section>\n\n<section class=\"latest-report\">\n    <div class=\"wrapper\">\n        \t\t\t<h2 class=\"text-center\">Rapports annuels<span class=\"color-red\">.<\/span>\t\t\t<\/h2>\n\t\t\n                    <p class=\"latest-report__text\">D\u00e9couvrez notre dernier rapport annuel ! Plongez dans une analyse d\u00e9taill\u00e9e de nos activit\u00e9s et des \u00e9volutions l\u00e9gislatives et politiques en mati\u00e8re de nationalit\u00e9. Cliquez ici pour en savoir plus ! \ud83d\udcd1\ud83d\udd0d<\/p>\n        \n                    <article class=\"report \">\n\t\t\t<div class=\"report__date\">\n\t\t\t<span class=\"report__year\">\n\t\t\t\t2021\n\t\t\t<\/span>\n\t\t<\/div>\n\t\t<div class=\"report__meta\">\n\t\t\t\t\t<h3 class=\"report__title\">Une ann\u00e9e 2021 sous le signe de la remise en question.<\/h3>\n\t\t\t\t\t\t\t<p class=\"font-regular\">Mot du Pr\u00e9sident du Conseil d\u2019administration<br \/>\r\n1\u00e8re partie<br \/>\r\nQui sommes-nous ?<br \/>\r\nUne ann\u00e9e 2021 sous le signe de la remise en question<br \/>\r\n2\u00e8me partie\t<br \/>\r\nCaf\u00e9s-d\u00e9bats<br \/>\r\nAnimations sur la nationalit\u00e9<br \/>\r\nFormation des volontaires<br \/>\r\n3\u00e8me partie<br \/>\r\nPermanences sociojuridiques<br \/>\r\nCours d\u2019alphab\u00e9tisation et cours de fran\u00e7ais<br \/>\r\nTests de fran\u00e7ais<br \/>\r\n4\u00e8me partie<br \/>\r\nLa crise sanitaire : mise en exergue des in\u00e9galit\u00e9s sociales<br \/>\r\n5\u00e8me partie<br \/>\r\nNos d\u00e9fis pour 2022<br \/>\r\n<br \/>\r\n<\/p>\n\t\t\t\t\t\t\t\t\t\t\t<a href=\"https:\/\/www.objectifasbl.be\/med\/wp-content\/uploads\/sites\/3\/ASBL-OBJECTIF-MED-Rapport-annuel-2021-bis.pdf\" class=\"report__document\" download>\n\t\t\t\t\tLe rapport annuel 2021 en format PDF\n\t\t\t\t\t<svg>\n\t\t\t\t\t\t<use xlink:href=\"https:\/\/www.objectifasbl.be\/med\/wp-content\/themes\/objectif\/assets\/images\/symbol\/svg\/sprite.symbol.svg#icon--download\"><\/use>\n\t\t\t\t\t<\/svg>\n\t\t\t\t<\/a>\n\t\t\t\t\t\t<\/div>\n\t<figure class=\"report__image\">\n\t\t<img loading=\"lazy\" width=\"462\" height=\"648\" src=\"https:\/\/www.objectifasbl.be\/med\/wp-content\/uploads\/sites\/3\/image-rapport-annuel-2021-462x648.jpg\" class=\"attachment-mena_report size-mena_report wp-post-image\" alt=\"image rapport annuel 2021\" decoding=\"async\" \/>\n\t<\/figure>\n<\/article>\n        \n\n        <div class=\"text-right\">\n                            <a href=\"https:\/\/www.objectifasbl.be\/med\/iasbl\/rapport-annuel\/\" class=\"button button--link latest-report__button\">\n                    <span>\n                        Voir tous les rapports\n                    <\/span>\n                    <svg>\n                        <use xlink:href=\"https:\/\/www.objectifasbl.be\/med\/wp-content\/themes\/objectif\/assets\/images\/symbol\/svg\/sprite.symbol.svg#arrow--right-2\"><\/use>\n                    <\/svg>\n                <\/a>\n                    <\/div>\n    <\/div>\n<\/section>\n\n<section class=\"latest-report\">\n    <div class=\"wrapper\">\n        \t\t\t<h2 class=\"text-center\">Rapports annuels<span class=\"color-red\">.<\/span>\t\t\t<\/h2>\n\t\t\n                    <p class=\"latest-report__text\">D\u00e9couvrez notre dernier rapport annuel ! Plongez dans une analyse d\u00e9taill\u00e9e de nos activit\u00e9s et des \u00e9volutions l\u00e9gislatives et politiques en mati\u00e8re de nationalit\u00e9. Cliquez ici pour en savoir plus ! \ud83d\udcd1\ud83d\udd0d<\/p>\n        \n                    <article class=\"report \">\n\t\t\t<div class=\"report__date\">\n\t\t\t<span class=\"report__year\">\n\t\t\t\t2020\n\t\t\t<\/span>\n\t\t<\/div>\n\t\t<div class=\"report__meta\">\n\t\t\t\t\t<h3 class=\"report__title\">Une ann\u00e9e d&rsquo;adaptation constante<\/h3>\n\t\t\t\t\t\t\t<p class=\"font-regular\">Mot du pr\u00e9sident<br \/>\r\nNationalit\u00e9<br \/>\r\nL\u2019alpha en soir\u00e9e<br \/>\r\nProjet \u00ab migration, handicap et inclusion \u00bb<br \/>\r\nCaf\u00e9-d\u00e9bat, espace r\u00e9serv\u00e9 aux femmes<br \/>\r\nLes animations et formations \u00e0 la nationalit\u00e9<br \/>\r\nL\u2019engagement de nos volontaires<br \/>\r\nConvivialit\u00e9<br \/>\r\nPerspective pour 2021<\/p>\n\t\t\t\t\t\t\t\t\t\t\t<a href=\"https:\/\/www.objectifasbl.be\/med\/wp-content\/uploads\/sites\/3\/rapport-2020-web-1.pdf\" class=\"report__document\" download>\n\t\t\t\t\tLe rapport annuel 2020 en format PDF\n\t\t\t\t\t<svg>\n\t\t\t\t\t\t<use xlink:href=\"https:\/\/www.objectifasbl.be\/med\/wp-content\/themes\/objectif\/assets\/images\/symbol\/svg\/sprite.symbol.svg#icon--download\"><\/use>\n\t\t\t\t\t<\/svg>\n\t\t\t\t<\/a>\n\t\t\t\t\t\t<\/div>\n\t<figure class=\"report__image\">\n\t\t<img loading=\"lazy\" width=\"462\" height=\"648\" src=\"https:\/\/www.objectifasbl.be\/med\/wp-content\/uploads\/sites\/3\/Rapport-annuel-2020-462x648.png\" class=\"attachment-mena_report size-mena_report wp-post-image\" alt=\"\" decoding=\"async\" \/>\n\t<\/figure>\n<\/article>\n        \n\n        <div class=\"text-right\">\n                            <a href=\"https:\/\/www.objectifasbl.be\/med\/iasbl\/rapport-annuel\/\" class=\"button button--link latest-report__button\">\n                    <span>\n                        Voir tous les rapports\n                    <\/span>\n                    <svg>\n                        <use xlink:href=\"https:\/\/www.objectifasbl.be\/med\/wp-content\/themes\/objectif\/assets\/images\/symbol\/svg\/sprite.symbol.svg#arrow--right-2\"><\/use>\n                    <\/svg>\n                <\/a>\n                    <\/div>\n    <\/div>\n<\/section>","protected":false},"excerpt":{"rendered":"","protected":false},"author":2,"featured_media":0,"parent":0,"menu_order":0,"comment_status":"closed","ping_status":"closed","template":"","meta":{"content-type":"","inline_featured_image":false,"footnotes":""},"acf":[],"yoast_head":"<!-- This site is optimized with the Yoast SEO plugin v21.5 - https:\/\/yoast.com\/wordpress\/plugins\/seo\/ -->\n<title>I&#039;ASBL - Objectif<\/title>\n<meta name=\"robots\" content=\"index, follow, max-snippet:-1, max-image-preview:large, max-video-preview:-1\" \/>\n<link rel=\"canonical\" href=\"https:\/\/www.objectifasbl.be\/med\/iasbl\/\" \/>\n<meta property=\"og:locale\" content=\"fr_FR\" \/>\n<meta property=\"og:type\" content=\"article\" \/>\n<meta property=\"og:title\" content=\"I&#039;ASBL - Objectif\" \/>\n<meta property=\"og:url\" content=\"https:\/\/www.objectifasbl.be\/med\/iasbl\/\" \/>\n<meta property=\"og:site_name\" content=\"Objectif\" \/>\n<meta property=\"article:modified_time\" content=\"2024-05-08T11:20:44+00:00\" \/>\n<meta name=\"twitter:card\" content=\"summary_large_image\" \/>\n<script type=\"application\/ld+json\" class=\"yoast-schema-graph\">{\"@context\":\"https:\/\/schema.org\",\"@graph\":[{\"@type\":\"WebPage\",\"@id\":\"https:\/\/www.objectifasbl.be\/med\/iasbl\/\",\"url\":\"https:\/\/www.objectifasbl.be\/med\/iasbl\/\",\"name\":\"I'ASBL - Objectif\",\"isPartOf\":{\"@id\":\"https:\/\/www.objectifasbl.be\/med\/#website\"},\"datePublished\":\"2021-02-10T12:04:34+00:00\",\"dateModified\":\"2024-05-08T11:20:44+00:00\",\"breadcrumb\":{\"@id\":\"https:\/\/www.objectifasbl.be\/med\/iasbl\/#breadcrumb\"},\"inLanguage\":\"fr-BE\",\"potentialAction\":[{\"@type\":\"ReadAction\",\"target\":[\"https:\/\/www.objectifasbl.be\/med\/iasbl\/\"]}]},{\"@type\":\"BreadcrumbList\",\"@id\":\"https:\/\/www.objectifasbl.be\/med\/iasbl\/#breadcrumb\",\"itemListElement\":[{\"@type\":\"ListItem\",\"position\":1,\"name\":\"Accueil\",\"item\":\"https:\/\/www.objectifasbl.be\/med\/\"},{\"@type\":\"ListItem\",\"position\":2,\"name\":\"I&rsquo;ASBL\"}]},{\"@type\":\"WebSite\",\"@id\":\"https:\/\/www.objectifasbl.be\/med\/#website\",\"url\":\"https:\/\/www.objectifasbl.be\/med\/\",\"name\":\"Objectif\",\"description\":\"Beweging voor gelijke rechten\",\"potentialAction\":[{\"@type\":\"SearchAction\",\"target\":{\"@type\":\"EntryPoint\",\"urlTemplate\":\"https:\/\/www.objectifasbl.be\/med\/?s={search_term_string}\"},\"query-input\":\"required name=search_term_string\"}],\"inLanguage\":\"fr-BE\"}]}<\/script>\n<!-- \/ Yoast SEO plugin. -->","yoast_head_json":{"title":"I'ASBL - Objectif","robots":{"index":"index","follow":"follow","max-snippet":"max-snippet:-1","max-image-preview":"max-image-preview:large","max-video-preview":"max-video-preview:-1"},"canonical":"https:\/\/www.objectifasbl.be\/med\/iasbl\/","og_locale":"fr_FR","og_type":"article","og_title":"I'ASBL - Objectif","og_url":"https:\/\/www.objectifasbl.be\/med\/iasbl\/","og_site_name":"Objectif","article_modified_time":"2024-05-08T11:20:44+00:00","twitter_card":"summary_large_image","schema":{"@context":"https:\/\/schema.org","@graph":[{"@type":"WebPage","@id":"https:\/\/www.objectifasbl.be\/med\/iasbl\/","url":"https:\/\/www.objectifasbl.be\/med\/iasbl\/","name":"I'ASBL - Objectif","isPartOf":{"@id":"https:\/\/www.objectifasbl.be\/med\/#website"},"datePublished":"2021-02-10T12:04:34+00:00","dateModified":"2024-05-08T11:20:44+00:00","breadcrumb":{"@id":"https:\/\/www.objectifasbl.be\/med\/iasbl\/#breadcrumb"},"inLanguage":"fr-BE","potentialAction":[{"@type":"ReadAction","target":["https:\/\/www.objectifasbl.be\/med\/iasbl\/"]}]},{"@type":"BreadcrumbList","@id":"https:\/\/www.objectifasbl.be\/med\/iasbl\/#breadcrumb","itemListElement":[{"@type":"ListItem","position":1,"name":"Accueil","item":"https:\/\/www.objectifasbl.be\/med\/"},{"@type":"ListItem","position":2,"name":"I&rsquo;ASBL"}]},{"@type":"WebSite","@id":"https:\/\/www.objectifasbl.be\/med\/#website","url":"https:\/\/www.objectifasbl.be\/med\/","name":"Objectif","description":"Beweging voor gelijke rechten","potentialAction":[{"@type":"SearchAction","target":{"@type":"EntryPoint","urlTemplate":"https:\/\/www.objectifasbl.be\/med\/?s={search_term_string}"},"query-input":"required name=search_term_string"}],"inLanguage":"fr-BE"}]}},"lang":"fr","translations":{"fr":169},"pll_sync_post":[],"_links":{"self":[{"href":"https:\/\/www.objectifasbl.be\/med\/wp-json\/wp\/v2\/pages\/169"}],"collection":[{"href":"https:\/\/www.objectifasbl.be\/med\/wp-json\/wp\/v2\/pages"}],"about":[{"href":"https:\/\/www.objectifasbl.be\/med\/wp-json\/wp\/v2\/types\/page"}],"author":[{"embeddable":true,"href":"https:\/\/www.objectifasbl.be\/med\/wp-json\/wp\/v2\/users\/2"}],"replies":[{"embeddable":true,"href":"https:\/\/www.objectifasbl.be\/med\/wp-json\/wp\/v2\/comments?post=169"}],"version-history":[{"count":3,"href":"https:\/\/www.objectifasbl.be\/med\/wp-json\/wp\/v2\/pages\/169\/revisions"}],"predecessor-version":[{"id":3392,"href":"https:\/\/www.objectifasbl.be\/med\/wp-json\/wp\/v2\/pages\/169\/revisions\/3392"}],"wp:attachment":[{"href":"https:\/\/www.objectifasbl.be\/med\/wp-json\/wp\/v2\/media?parent=169"}],"curies":[{"name":"wp","href":"https:\/\/api.w.org\/{rel}","templated":true}]}}