{"id":569,"date":"2021-02-26T11:14:13","date_gmt":"2021-02-26T11:14:13","guid":{"rendered":"https:\/\/www.objectifasbl.be\/med\/?page_id=569"},"modified":"2023-09-29T12:40:16","modified_gmt":"2023-09-29T12:40:16","slug":"histoire","status":"publish","type":"page","link":"https:\/\/www.objectifasbl.be\/med\/iasbl\/histoire\/","title":{"rendered":"Histoire"},"content":{"rendered":"<div class=\"hero rounded background-white\">\n\n    <div class=\"wrapper\">\n                    <svg class=\"color-blue hero__icon\">\n                <use xlink:href=\"https:\/\/www.objectifasbl.be\/med\/wp-content\/themes\/objectif\/assets\/images\/symbol\/svg\/sprite.symbol.svg#icon--o\"><\/use>\n            <\/svg>\n                            <div class=\"hero__breadcrumb\">\n                <span><span><a href=\"https:\/\/www.objectifasbl.be\/med\/\">Accueil<\/a><\/span><\/span>\n            <\/div>\n                <div class=\"hero__columns\">\n            <div class=\"hero__left\">\n                <div class=\"content d-flex justify-content-center align-items-start flex-column\">\n                                            <a href=\"#\" class=\"hero__back-button\" onClick=\"history.go(-1); return false;\">\n                            <svg>\n                                <use xlink:href=\"https:\/\/www.objectifasbl.be\/med\/wp-content\/themes\/objectif\/assets\/images\/symbol\/svg\/sprite.symbol.svg#icon--arrow-back\"><\/use>\n                            <\/svg>\n                        <\/a>\n                    \n                                            <h1 class=\"hero__title font-bold\">Les d\u00e9buts \u2026<\/h1>\n                    \n                                            <div class=\"hero__text font-light\"><p>Son engagement \u00e0 Objectif a commenc\u00e9 apr\u00e8s une victoire \u00e9lectorale du Vlaams Blok. \u00ab Je n\u2019avais pas envie de continuer \u00e0 regarder. Je voulais faire quelque chose. \u00bb<\/p>\n<\/div>\n                    \n                                    <\/div>\n            <\/div>\n            <div class=\"hero__right\">\n\n                \n                <img loading=\"lazy\" width=\"530\" height=\"455\" src=\"https:\/\/www.objectifasbl.be\/med\/wp-content\/uploads\/sites\/3\/Les-de\u0301buts-530x455.jpg\" class=\"hero__image\" alt=\"\" decoding=\"async\" \/>\n\n                            <\/div>\n        <\/div>\n    <\/div>\n<\/div>\n\n\n\n<section class=\"text \">\n    <div class=\"wrapper\">\n                    <h2>La p\u00e9tition<span class=\"color-red\"><\/span><\/h2>\n                            <div class=\"text__columns font-regular\"><p>Objectif rel\u00e8ve le d\u00e9fi de rassembler en un an 479 917 signatures pour les droits \u00e9gaux pour les immigr\u00e9s, autant que de voix qui sont all\u00e9es \u00e0 l\u2019extr\u00eame droite. La p\u00e9tition \u00e9met une exigence claire : les autorit\u00e9s doivent donner un signal positif non ambigu : l\u2019\u00e9galit\u00e9 totale des droits politiques et sociaux par l\u2019octroi automatique de la nationalit\u00e9 belge apr\u00e8s cinq ans de s\u00e9jour l\u00e9gal dans le pays.<\/p>\n<p>La campagne de p\u00e9tition suscite l\u2019enthousiasme. Quelque 12 000 volontaires, surtout des jeunes, passent \u00e0 l\u2019action. Des stands sont \u00e9rig\u00e9s aux coins des rues, sur les march\u00e9s et sur les places, \u00e0 des festivals et f\u00eates, pour inviter les passants \u00e0 signer la p\u00e9tition.<\/p>\n<p>Le nombre de signatures cro\u00eet rapidement et la campagne m\u00e8ne \u00e9galement \u00e0 des milliers de discussions sur le racisme, les discriminations et les droits \u00e9gaux.<\/p>\n<p>L\u2019action de p\u00e9tition permet \u00e9galement une \u00e9norme campagne de sensibilisation Lors de la campagne de p\u00e9tition, 1 500 personnalit\u00e9s de divers milieux soutiennent l\u2019exigence d\u2019Objectif.<\/p>\n<p>Au fur et \u00e0 mesure que le 24 novembre 1992 approche, la tension monte. Le but des 479 917 signatures, sera-t-il atteint ? 3 000 volontaires viennent \u00e0 la f\u00eate de cl\u00f4ture du d\u00e9nouement de la campagne, \u00e0 Anvers. C\u2019est la r\u00e9ussite ! En un an de temps, quelque 582 172 signatures sont rassembl\u00e9es pour les droits \u00e9gaux.<\/p>\n<p>Vu que les possibilit\u00e9s de la campagne de p\u00e9tition sont loin d\u2019\u00eatre \u00e9puis\u00e9es, les personnes \u00e0 l\u2019origine de l\u2019initiative d\u00e9cident d\u2019aller jusqu\u2019au million de signatures.<\/p>\n<p>Le 14 mars 1995, le but est atteint : 1 007 704 signatures. Elles sont remises au Premier ministre Dehaene \u00e0 la rue de la Loi. Il donne quelques tapes amicales dans le dos, mais le gouvernement ne prend aucune initiative. La campagne de p\u00e9tition a cependant r\u00e9ussi \u00e0 mettre \u00e0 l\u2019avant-plan l\u2019exigence des droits \u00e9gaux.<\/p>\n<\/div>\n            <\/div>\n<\/section>\n\n<section class=\"image-text style1 text-position-right no-indent background-white\">\n    <div class=\"wrapper\">\n        <div class=\"columns columns--break-desktop\">\n                        <div class=\"col col-6\">\n                <div class=\"image-text__content\">\n\n                    \n                        \n                        \n                                                                                    <h2 class=\"mb-3 font-bold\">Entreprise sans racisme<span class=\"color-red\"><\/span>\n                                <\/h2>\n                                                                        \n                                            <div class=\"pt-3 pb-3\">\n                            <p><p>La campagne de p\u00e9tition a \u00e9galement conduit \u00e0 un d\u00e9bat au sein des instances syndicales. En juin 1994, quelques responsables syndicaux lancent l\u2019appel \u2018Le mouvement syndical forme le meilleur rempart contre l\u2019extr\u00eame droite\u2019. Celui-ci renforce l\u2019action Entreprise sans racisme qui stimule le travail avec la p\u00e9tition dans les entreprises. La d\u00e9l\u00e9gation syndicale des Forges de Clabecq est la premi\u00e8re \u00e0 recevoir le certificat Entreprise sans racisme en novembre 1994. D\u2019autres entreprises et d\u00e9l\u00e9gations syndicales suivent assez rapidement son exemple.<\/p>\n<\/p>\n                        <\/div>\n                    \n                                    <\/div>\n            <\/div>\n\n                            <div class=\"col col-6\">\n                    <div class=\"image\">\n                        <img loading=\"lazy\" width=\"530\" height=\"500\" src=\"https:\/\/www.objectifasbl.be\/med\/wp-content\/uploads\/sites\/3\/Les-de\u0301buts-Entreprise-sans-racisme-530x500.jpg\" class=\"attachment-mena_medium size-mena_medium\" alt=\"\" decoding=\"async\" \/>\n\n                        <svg class=\"image-text__svg style2-svg\">\n                            <use xlink:href=\"https:\/\/www.objectifasbl.be\/med\/wp-content\/themes\/objectif\/assets\/images\/symbol\/svg\/sprite.symbol.svg#icon--o-size1\"><\/use>\n                        <\/svg>\n\n                        <svg class=\"image-text__svg style3-svg\">\n                            <use xlink:href=\"https:\/\/www.objectifasbl.be\/med\/wp-content\/themes\/objectif\/assets\/images\/symbol\/svg\/sprite.symbol.svg#icon--o-size2\"><\/use>\n                        <\/svg>\n                    <\/div>\n                <\/div>\n                    <\/div>\n    <\/div>\n\n<\/section>\n\n<section class=\"image-text style1 text-position-left no-indent background-white\">\n    <div class=\"wrapper\">\n        <div class=\"columns columns--break-desktop\">\n                        <div class=\"col col-6\">\n                <div class=\"image-text__content\">\n\n                    \n                        \n                        \n                                                                                    <h2 class=\"mb-3 font-bold\">Elections alternatives<span class=\"color-red\"><\/span>\n                                <\/h2>\n                                                                        \n                                            <div class=\"pt-3 pb-3\">\n                            <p><p>Lors des trois \u00e9lections de 1994 et 1995, Objectif organise des \u00e9lections alternatives pour les personnes qui n\u2019ont pas le droit de vote. Dans 20 villes, des urnes d\u2019\u00e9lections alternatives sont install\u00e9es. L\u2019action est suivie attentivement par la presse et constitue \u00e0 chaque fois une accusation virulente du fait qu\u2019un dixi\u00e8me de la population belge ne compte pas politiquement.<\/p>\n<\/p>\n                        <\/div>\n                    \n                                    <\/div>\n            <\/div>\n\n                            <div class=\"col col-6\">\n                    <div class=\"image\">\n                        <img loading=\"lazy\" width=\"600\" height=\"500\" src=\"https:\/\/www.objectifasbl.be\/med\/wp-content\/uploads\/sites\/3\/Les-de\u0301buts-Elections-alternatives-600x500.jpg\" class=\"attachment-mena_medium size-mena_medium\" alt=\"sensibilisation droit de vote\" decoding=\"async\" \/>\n\n                        <svg class=\"image-text__svg style2-svg\">\n                            <use xlink:href=\"https:\/\/www.objectifasbl.be\/med\/wp-content\/themes\/objectif\/assets\/images\/symbol\/svg\/sprite.symbol.svg#icon--o-size1\"><\/use>\n                        <\/svg>\n\n                        <svg class=\"image-text__svg style3-svg\">\n                            <use xlink:href=\"https:\/\/www.objectifasbl.be\/med\/wp-content\/themes\/objectif\/assets\/images\/symbol\/svg\/sprite.symbol.svg#icon--o-size2\"><\/use>\n                        <\/svg>\n                    <\/div>\n                <\/div>\n                    <\/div>\n    <\/div>\n\n<\/section>\n\n<section class=\"text \">\n    <div class=\"wrapper\">\n                    <h2>Acquisition de la nationalit\u00e9<span class=\"color-red\"><\/span><\/h2>\n                            <div class=\"text__columns font-regular\"><p>Lors des \u00e9lections alternatives, Objectif est confront\u00e9 aux nombreux probl\u00e8mes que la demande de la nationalit\u00e9 belge implique.<\/p>\n<p>A la suite de cela, la division Bruxelles d\u2019Objectif entame, en 1997, des permanences de soutien aux personnes qui veulent demander la nationalit\u00e9 belge. Elles sont int\u00e9gralement assur\u00e9es par des volontaires. En peu de temps, Objectif est devenu \u2018le sp\u00e9cialiste\u2019 en mati\u00e8re d\u2019acquisition de la nationalit\u00e9. Et les permanences connaissent un succ\u00e8s sans cesse croissant. Nous diffusons les connaissances et l\u2019exp\u00e9rience que nous acqu\u00e9rons en mati\u00e8re d\u2019acquisition de la nationalit\u00e9 via des brochures, des communiqu\u00e9s de presse, des articles et \u00e0 des stands. Nous ne voulons pas seulement prester des services mais surtout nous attaquer \u00e0 l\u2019in\u00e9galit\u00e9 l\u00e9gale en mati\u00e8re de droits. C\u2019est pourquoi nous continuons \u00e0 lutter sans r\u00e9serve pour l\u2019octroi automatique de la nationalit\u00e9 sur la base du seul crit\u00e8re objectif : le s\u00e9jour l\u00e9gal dans le pays. Nous constatons en effet que l\u2019octroi de la nationalit\u00e9 belge d\u00e9pend souvent de l\u2019arbitraire.<\/p>\n<\/div>\n            <\/div>\n<\/section>\n\n\n<p><\/p>\n","protected":false},"excerpt":{"rendered":"","protected":false},"author":2,"featured_media":0,"parent":169,"menu_order":0,"comment_status":"closed","ping_status":"closed","template":"","meta":{"content-type":"","inline_featured_image":false,"footnotes":""},"acf":[],"yoast_head":"<!-- This site is optimized with the Yoast SEO plugin v21.5 - https:\/\/yoast.com\/wordpress\/plugins\/seo\/ -->\n<title>Histoire - Objectif<\/title>\n<meta name=\"robots\" content=\"index, follow, max-snippet:-1, max-image-preview:large, max-video-preview:-1\" \/>\n<link rel=\"canonical\" href=\"https:\/\/www.objectifasbl.be\/med\/iasbl\/histoire\/\" \/>\n<meta property=\"og:locale\" content=\"fr_FR\" \/>\n<meta property=\"og:type\" content=\"article\" \/>\n<meta property=\"og:title\" content=\"Histoire - Objectif\" \/>\n<meta property=\"og:url\" content=\"https:\/\/www.objectifasbl.be\/med\/iasbl\/histoire\/\" \/>\n<meta property=\"og:site_name\" content=\"Objectif\" \/>\n<meta property=\"article:modified_time\" content=\"2023-09-29T12:40:16+00:00\" \/>\n<meta name=\"twitter:card\" content=\"summary_large_image\" \/>\n<script type=\"application\/ld+json\" class=\"yoast-schema-graph\">{\"@context\":\"https:\/\/schema.org\",\"@graph\":[{\"@type\":\"WebPage\",\"@id\":\"https:\/\/www.objectifasbl.be\/med\/iasbl\/histoire\/\",\"url\":\"https:\/\/www.objectifasbl.be\/med\/iasbl\/histoire\/\",\"name\":\"Histoire - Objectif\",\"isPartOf\":{\"@id\":\"https:\/\/www.objectifasbl.be\/med\/#website\"},\"datePublished\":\"2021-02-26T11:14:13+00:00\",\"dateModified\":\"2023-09-29T12:40:16+00:00\",\"breadcrumb\":{\"@id\":\"https:\/\/www.objectifasbl.be\/med\/iasbl\/histoire\/#breadcrumb\"},\"inLanguage\":\"fr-BE\",\"potentialAction\":[{\"@type\":\"ReadAction\",\"target\":[\"https:\/\/www.objectifasbl.be\/med\/iasbl\/histoire\/\"]}]},{\"@type\":\"BreadcrumbList\",\"@id\":\"https:\/\/www.objectifasbl.be\/med\/iasbl\/histoire\/#breadcrumb\",\"itemListElement\":[{\"@type\":\"ListItem\",\"position\":1,\"name\":\"Accueil\",\"item\":\"https:\/\/www.objectifasbl.be\/med\/\"},{\"@type\":\"ListItem\",\"position\":2,\"name\":\"I&rsquo;ASBL\",\"item\":\"https:\/\/www.objectifasbl.be\/med\/iasbl\/\"},{\"@type\":\"ListItem\",\"position\":3,\"name\":\"Histoire\"}]},{\"@type\":\"WebSite\",\"@id\":\"https:\/\/www.objectifasbl.be\/med\/#website\",\"url\":\"https:\/\/www.objectifasbl.be\/med\/\",\"name\":\"Objectif\",\"description\":\"Beweging voor gelijke rechten\",\"potentialAction\":[{\"@type\":\"SearchAction\",\"target\":{\"@type\":\"EntryPoint\",\"urlTemplate\":\"https:\/\/www.objectifasbl.be\/med\/?s={search_term_string}\"},\"query-input\":\"required name=search_term_string\"}],\"inLanguage\":\"fr-BE\"}]}<\/script>\n<!-- \/ Yoast SEO plugin. -->","yoast_head_json":{"title":"Histoire - Objectif","robots":{"index":"index","follow":"follow","max-snippet":"max-snippet:-1","max-image-preview":"max-image-preview:large","max-video-preview":"max-video-preview:-1"},"canonical":"https:\/\/www.objectifasbl.be\/med\/iasbl\/histoire\/","og_locale":"fr_FR","og_type":"article","og_title":"Histoire - Objectif","og_url":"https:\/\/www.objectifasbl.be\/med\/iasbl\/histoire\/","og_site_name":"Objectif","article_modified_time":"2023-09-29T12:40:16+00:00","twitter_card":"summary_large_image","schema":{"@context":"https:\/\/schema.org","@graph":[{"@type":"WebPage","@id":"https:\/\/www.objectifasbl.be\/med\/iasbl\/histoire\/","url":"https:\/\/www.objectifasbl.be\/med\/iasbl\/histoire\/","name":"Histoire - Objectif","isPartOf":{"@id":"https:\/\/www.objectifasbl.be\/med\/#website"},"datePublished":"2021-02-26T11:14:13+00:00","dateModified":"2023-09-29T12:40:16+00:00","breadcrumb":{"@id":"https:\/\/www.objectifasbl.be\/med\/iasbl\/histoire\/#breadcrumb"},"inLanguage":"fr-BE","potentialAction":[{"@type":"ReadAction","target":["https:\/\/www.objectifasbl.be\/med\/iasbl\/histoire\/"]}]},{"@type":"BreadcrumbList","@id":"https:\/\/www.objectifasbl.be\/med\/iasbl\/histoire\/#breadcrumb","itemListElement":[{"@type":"ListItem","position":1,"name":"Accueil","item":"https:\/\/www.objectifasbl.be\/med\/"},{"@type":"ListItem","position":2,"name":"I&rsquo;ASBL","item":"https:\/\/www.objectifasbl.be\/med\/iasbl\/"},{"@type":"ListItem","position":3,"name":"Histoire"}]},{"@type":"WebSite","@id":"https:\/\/www.objectifasbl.be\/med\/#website","url":"https:\/\/www.objectifasbl.be\/med\/","name":"Objectif","description":"Beweging voor gelijke rechten","potentialAction":[{"@type":"SearchAction","target":{"@type":"EntryPoint","urlTemplate":"https:\/\/www.objectifasbl.be\/med\/?s={search_term_string}"},"query-input":"required name=search_term_string"}],"inLanguage":"fr-BE"}]}},"lang":"fr","translations":{"fr":569},"pll_sync_post":[],"_links":{"self":[{"href":"https:\/\/www.objectifasbl.be\/med\/wp-json\/wp\/v2\/pages\/569"}],"collection":[{"href":"https:\/\/www.objectifasbl.be\/med\/wp-json\/wp\/v2\/pages"}],"about":[{"href":"https:\/\/www.objectifasbl.be\/med\/wp-json\/wp\/v2\/types\/page"}],"author":[{"embeddable":true,"href":"https:\/\/www.objectifasbl.be\/med\/wp-json\/wp\/v2\/users\/2"}],"replies":[{"embeddable":true,"href":"https:\/\/www.objectifasbl.be\/med\/wp-json\/wp\/v2\/comments?post=569"}],"version-history":[{"count":3,"href":"https:\/\/www.objectifasbl.be\/med\/wp-json\/wp\/v2\/pages\/569\/revisions"}],"predecessor-version":[{"id":3260,"href":"https:\/\/www.objectifasbl.be\/med\/wp-json\/wp\/v2\/pages\/569\/revisions\/3260"}],"up":[{"embeddable":true,"href":"https:\/\/www.objectifasbl.be\/med\/wp-json\/wp\/v2\/pages\/169"}],"wp:attachment":[{"href":"https:\/\/www.objectifasbl.be\/med\/wp-json\/wp\/v2\/media?parent=569"}],"curies":[{"name":"wp","href":"https:\/\/api.w.org\/{rel}","templated":true}]}}